{"id":625,"date":"2025-01-16T17:20:32","date_gmt":"2025-01-16T17:20:32","guid":{"rendered":"https:\/\/efg-hammerbruecke.de\/wordpress\/?page_id=625"},"modified":"2025-01-16T17:20:32","modified_gmt":"2025-01-16T17:20:32","slug":"2024-12-licht","status":"publish","type":"page","link":"https:\/\/efg-hammerbruecke.de\/wordpress\/?page_id=625","title":{"rendered":"2024-12 Licht"},"content":{"rendered":"<p>Mache dich auf, werde licht; denn dein Licht kommt, und die Herrlichkeit des HERRN geht auf \u00fcber<br \/>\ndir! (Die Bibel. Jes 60,1)<br \/>\nJedes Jahr am Samstag vor dem ersten Advent p\u00fcnktlich um 18.00 Uhr flammen in Schneeberg<br \/>\ndie Lichter auf. Nach alter Tradition leuchten sie zun\u00e4chst an der Kirche und dann sofort am<br \/>\nRathaus und vielen H\u00e4usern und Wohnungen. F\u00fcr das E-Werk sicher eine gro\u00dfe<br \/>\nHerausforderung&#8230; Aber es ist schon beeindruckend, wenn auf einen Schlag alles hell wird.<br \/>\nUnd auch wenn viele Menschen heute nicht mehr zuerst an das eine gro\u00dfe Licht denken, das in<br \/>\nJesus in die Welt gekommen ist, verbinden Christen doch den Kerzen- und Lichterglanz in der<br \/>\nAdventszeit mit diesem wunderbaren Licht, das vor 2000 Jahren eine dunkle Welt erleuchtet hat.<br \/>\nVerst\u00e4rkt wird diese Lichtsymbolik nat\u00fcrlich durch die jahrhundertealte Bergbautradition mit ihrer<br \/>\ngro\u00dfen Sehnsucht nach dem Licht, fuhren doch die Bergleute im Winterhalbjahr noch im tiefsten<br \/>\nDunkel der Nacht in den Schacht ein und sie fuhren aus, als es bereits wieder dunkel war. Sie<br \/>\nsahen tagelang keinen Sonnenstrahl. So war die Sehnsucht nach Licht tief in den Seelen der<br \/>\nMenschen verwurzelt.<br \/>\nAuch heute kann niemand ohne Licht leben, auch rein biologisch nicht. Schon die Propheten des<br \/>\nAlten Testaments sprechen dar\u00fcber hinaus vom \u201eDunkel der V\u00f6lker\u201c. Dunkel im Zusammenleben<br \/>\nvon Menschen, das sich dann in Hass, Krieg und Zerst\u00f6rung niederschl\u00e4gt. Dunkel aber auch im<br \/>\nganz pers\u00f6nlichen Gefangensein in \u00c4ngsten, Sorgen und Zw\u00e4ngen, in Schuld, Bindungen und in<br \/>\neiner bedr\u00fcckenden Gottesferne. Ein Lied meiner Jugend beschreibt es so: \u201eEs geht ohne Gott in<br \/>\ndie Dunkelheit&#8230;\u201c Diese Dunkelheit ist an vielen Stellen auch heute mit H\u00e4nden zu greifen \u2013 und<br \/>\nsie scheint zuzunehmen. Aber nun muss es nicht dunkel bleiben. Gott k\u00fcndigt ein kommendes<br \/>\nLicht an. In der Geburt Jesu hat sich dieses Wort erf\u00fcllt. Gleichzeitig aber legt Gott seinem Volk<br \/>\nans Herz, dass es sich aufmacht, um licht zu werden. Wie kann das geschehen? Es gilt t\u00e4glich<br \/>\nneu, diesem Licht Raum zu geben, alle Ecken unseres Lebensgeb\u00e4udes von ihm ausleuchten zu<br \/>\nlassen und so durchscheinend zu werden f\u00fcr den hellen Schein, den Gott in Jesus in unsere<br \/>\nHerzen gegeben hat.<br \/>\nEine \u201edurchscheinende\u201c und frohe Advents- und Weihnachtszeit!<\/p>\n<p>Thomas Scheffler, Vorstand HERR-BERGE Burkhartsgr\u00fcn.<\/p>\n","protected":false},"excerpt":{"rendered":"<p>Mache dich auf, werde licht; denn dein Licht kommt, und die Herrlichkeit des HERRN geht auf \u00fcber dir! (Die Bibel. Jes 60,1) Jedes Jahr am Samstag vor dem ersten Advent p\u00fcnktlich um 18.00 Uhr flammen in Schneeberg die Lichter auf. Nach alter Tradition leuchten sie zun\u00e4chst an der Kirche und dann sofort am Rathaus und &hellip; <a href=\"https:\/\/efg-hammerbruecke.de\/wordpress\/?page_id=625\" class=\"more-link\"><span class=\"screen-reader-text\">&#8222;2024-12 Licht&#8220; <\/span>weiterlesen<\/a><\/p>\n","protected":false},"author":3,"featured_media":0,"parent":0,"menu_order":0,"comment_status":"closed","ping_status":"closed","template":"","meta":{"footnotes":""},"class_list":["post-625","page","type-page","status-publish","hentry"],"_links":{"self":[{"href":"https:\/\/efg-hammerbruecke.de\/wordpress\/index.php?rest_route=\/wp\/v2\/pages\/625","targetHints":{"allow":["GET"]}}],"collection":[{"href":"https:\/\/efg-hammerbruecke.de\/wordpress\/index.php?rest_route=\/wp\/v2\/pages"}],"about":[{"href":"https:\/\/efg-hammerbruecke.de\/wordpress\/index.php?rest_route=\/wp\/v2\/types\/page"}],"author":[{"embeddable":true,"href":"https:\/\/efg-hammerbruecke.de\/wordpress\/index.php?rest_route=\/wp\/v2\/users\/3"}],"replies":[{"embeddable":true,"href":"https:\/\/efg-hammerbruecke.de\/wordpress\/index.php?rest_route=%2Fwp%2Fv2%2Fcomments&post=625"}],"version-history":[{"count":1,"href":"https:\/\/efg-hammerbruecke.de\/wordpress\/index.php?rest_route=\/wp\/v2\/pages\/625\/revisions"}],"predecessor-version":[{"id":627,"href":"https:\/\/efg-hammerbruecke.de\/wordpress\/index.php?rest_route=\/wp\/v2\/pages\/625\/revisions\/627"}],"wp:attachment":[{"href":"https:\/\/efg-hammerbruecke.de\/wordpress\/index.php?rest_route=%2Fwp%2Fv2%2Fmedia&parent=625"}],"curies":[{"name":"wp","href":"https:\/\/api.w.org\/{rel}","templated":true}]}}