{"id":460,"date":"2024-02-03T06:59:44","date_gmt":"2024-02-03T06:59:44","guid":{"rendered":"https:\/\/efg-hammerbruecke.de\/wordpress\/?page_id=460"},"modified":"2024-02-03T06:59:44","modified_gmt":"2024-02-03T06:59:44","slug":"2022-08-schulanfang-schulrecht-schulpflicht","status":"publish","type":"page","link":"https:\/\/efg-hammerbruecke.de\/wordpress\/?page_id=460","title":{"rendered":"2022-08 Schulanfang \u2013 Schulrecht \u2013 Schulpflicht"},"content":{"rendered":"<p>Am 29. August 2022 beginnt das neue Schuljahr. Habt ihr schon gewusst, dass auch die Schulpflicht ihre Urspr\u00fcnge in der Reformation hatte? \u2013 Bis dahin gab es nur Schulen f\u00fcr einen ausgew\u00e4hlten Elitekreis. Martin Luther verfasste 1524 eine Schrift mit dem Titel \u201e<em>An die Ratsherren aller St\u00e4dte deutschen Landes, dass sie christliche Schulen aufrichten und halten sollen\u201c.<\/em> So gab es 1592 im Herzogtum Pfalz-Zweibr\u00fccken 1592 weltweit zum ersten Man eine regionale Schulpflicht sowohl f\u00fcr \u201eKnaben\u201c als auch M\u00e4dchen. Diese war zun\u00e4chst eher eine Absichtserkl\u00e4rung, weil in den n\u00e4chsten 2 Jahrhunderten gerade einmal bis zu 60% der Kinder die Schule besuchten. Sachsen begann 1835 mit dem \u201eVolksschulgesetz\u201c die achtj\u00e4hrige Schulpflicht. Die bundesweite Schulpflicht gibt es seit 1919. (Quelle: Wikipedia)<\/p>\n<p>Wir wollen am Sonntag, den <strong>28. August, 10.15 Uhr<\/strong> einen <strong>Schulanfangs-Gottesdienst<\/strong> feiern. Neben Geschenken, gemeinsamen Liedern und einem biblischen Gedanken werden wir um Gottes Segen f\u00fcr die Schulanf\u00e4nger beten. Das Wort, das in der Bibel f\u00fcr Segen steht, meint \u201ejemanden Gutes sagen\u201c, \u201eGottes Gnade und Huld w\u00fcnschen\u201c und auch \u201egl\u00fccklich machen\u201c. Wir beten also daf\u00fcr, dass Gott den Schulanf\u00e4ngern Gutes tut \u2013 ihnen Freude und Gelingen in der Schule schenkt. Au\u00dferdem bitten wir bei diesem Gottesdienst Gott um seinen Segen f\u00fcr alle, die einen neuen Lebensabschnitt beginnen.<\/p>\n<p>\u00dcbrigens beten wir t\u00e4glich um Gottes Segen f\u00fcr alle Menschen, die uns am Herzen liegen. Gerne beten wir auch f\u00fcr dich und deine Anliegen. Bitte doch einen Christen darum oder sende uns eine Email an Gebet@EFG-Hammerbruecke.de, die vertraulich behandelt wird.<\/p>\n<p><em>Text \u00a9 David Seidel <\/em><\/p>\n","protected":false},"excerpt":{"rendered":"<p>Am 29. August 2022 beginnt das neue Schuljahr. Habt ihr schon gewusst, dass auch die Schulpflicht ihre Urspr\u00fcnge in der Reformation hatte? \u2013 Bis dahin gab es nur Schulen f\u00fcr einen ausgew\u00e4hlten Elitekreis. Martin Luther verfasste 1524 eine Schrift mit dem Titel \u201eAn die Ratsherren aller St\u00e4dte deutschen Landes, dass sie christliche Schulen aufrichten und &hellip; <a href=\"https:\/\/efg-hammerbruecke.de\/wordpress\/?page_id=460\" class=\"more-link\"><span class=\"screen-reader-text\">&#8222;2022-08 Schulanfang \u2013 Schulrecht \u2013 Schulpflicht&#8220; <\/span>weiterlesen<\/a><\/p>\n","protected":false},"author":3,"featured_media":0,"parent":0,"menu_order":0,"comment_status":"closed","ping_status":"closed","template":"","meta":{"footnotes":""},"class_list":["post-460","page","type-page","status-publish","hentry"],"_links":{"self":[{"href":"https:\/\/efg-hammerbruecke.de\/wordpress\/index.php?rest_route=\/wp\/v2\/pages\/460","targetHints":{"allow":["GET"]}}],"collection":[{"href":"https:\/\/efg-hammerbruecke.de\/wordpress\/index.php?rest_route=\/wp\/v2\/pages"}],"about":[{"href":"https:\/\/efg-hammerbruecke.de\/wordpress\/index.php?rest_route=\/wp\/v2\/types\/page"}],"author":[{"embeddable":true,"href":"https:\/\/efg-hammerbruecke.de\/wordpress\/index.php?rest_route=\/wp\/v2\/users\/3"}],"replies":[{"embeddable":true,"href":"https:\/\/efg-hammerbruecke.de\/wordpress\/index.php?rest_route=%2Fwp%2Fv2%2Fcomments&post=460"}],"version-history":[{"count":1,"href":"https:\/\/efg-hammerbruecke.de\/wordpress\/index.php?rest_route=\/wp\/v2\/pages\/460\/revisions"}],"predecessor-version":[{"id":462,"href":"https:\/\/efg-hammerbruecke.de\/wordpress\/index.php?rest_route=\/wp\/v2\/pages\/460\/revisions\/462"}],"wp:attachment":[{"href":"https:\/\/efg-hammerbruecke.de\/wordpress\/index.php?rest_route=%2Fwp%2Fv2%2Fmedia&parent=460"}],"curies":[{"name":"wp","href":"https:\/\/api.w.org\/{rel}","templated":true}]}}